{"id":8,"date":"2026-03-08T11:21:27","date_gmt":"2026-03-08T11:21:27","guid":{"rendered":"https:\/\/physiotherapie-resonanzraum.at\/?page_id=8"},"modified":"2026-05-10T13:47:19","modified_gmt":"2026-05-10T13:47:19","slug":"start","status":"publish","type":"page","link":"https:\/\/physiotherapie-resonanzraum.at\/","title":{"rendered":"back to flow"},"content":{"rendered":"\n<div class=\"wp-block-cover alignfull is-light video-schatten\" style=\"min-height:486px;aspect-ratio:unset;\"><video class=\"wp-block-cover__video-background intrinsic-ignore\" autoplay muted loop playsinline src=\"https:\/\/physiotherapie-resonanzraum.at\/wp-content\/uploads\/2026\/04\/Physiotherapie-Resonanzraum_EV.mp4\" data-object-fit=\"cover\"><\/video><span aria-hidden=\"true\" class=\"wp-block-cover__background has-background-dim-20 has-background-dim\" style=\"background-color:#FFF\"><\/span><div class=\"wp-block-cover__inner-container is-layout-constrained wp-block-cover-is-layout-constrained\">\n<h2 class=\"wp-block-heading has-text-align-center scroll-trigger has-white-color has-text-color has-link-color has-x-large-font-size wp-elements-1\">Raum schafft Lebendigkeit <\/h2>\n\n\n\n<p class=\"has-text-align-center scroll-trigger has-white-color has-text-color has-link-color wp-elements-2 wp-block-paragraph\" style=\"font-size:clamp(16.834px, 1.052rem + ((1vw - 3.2px) * 0.716), 26px);font-style:normal;font-weight:200\">Resonanzraum: Platz f\u00fcr Wahrnehmung,  Begegnung und Lebendigkeit.<\/p>\n\n\n\n<p class=\"wp-block-paragraph\"> <em> <\/em><\/p>\n<\/div><\/div>\n\n\n\n<div class=\"wp-block-cover alignfull is-light cover-shadow-fix\" style=\"border-style:none;border-width:0px;border-top-left-radius:0px;border-top-right-radius:0px;border-bottom-left-radius:0px;border-bottom-right-radius:0px\"><img loading=\"lazy\" decoding=\"async\" width=\"1024\" height=\"576\" class=\"wp-block-cover__image-background wp-image-199 size-large\" alt=\"\" src=\"https:\/\/physiotherapie-resonanzraum.at\/wp-content\/uploads\/2026\/03\/Design-ohne-Titel1-1-1024x576.jpg\" style=\"object-position:22% 77%\" data-object-fit=\"cover\" data-object-position=\"22% 77%\" srcset=\"https:\/\/physiotherapie-resonanzraum.at\/wp-content\/uploads\/2026\/03\/Design-ohne-Titel1-1-1024x576.jpg 1024w, https:\/\/physiotherapie-resonanzraum.at\/wp-content\/uploads\/2026\/03\/Design-ohne-Titel1-1-300x169.jpg 300w, https:\/\/physiotherapie-resonanzraum.at\/wp-content\/uploads\/2026\/03\/Design-ohne-Titel1-1-768x432.jpg 768w, https:\/\/physiotherapie-resonanzraum.at\/wp-content\/uploads\/2026\/03\/Design-ohne-Titel1-1-1536x864.jpg 1536w\" sizes=\"auto, (max-width: 1024px) 100vw, 1024px\" \/><span aria-hidden=\"true\" class=\"wp-block-cover__background has-background-dim-10 has-background-dim\" style=\"background-color:#5e748f\"><\/span><div class=\"wp-block-cover__inner-container is-layout-constrained wp-block-cover-is-layout-constrained\">\n<div class=\"wp-block-columns is-layout-flex wp-container-core-columns-is-layout-995f960e wp-block-columns-is-layout-flex\">\n<div class=\"wp-block-column is-layout-flow wp-block-column-is-layout-flow\">\n<div id=\"metaslider-id-1046\" style=\"max-width: 400px; margin: 0 auto;\" class=\"ml-slider-3-108-0 metaslider metaslider-flex metaslider-1046 ml-slider hide-arrows-smartphone hide-arrows-tablet has-dots-nav ms-theme-default-base\" role=\"region\" aria-label=\"Praxis Resonanzraum\" data-height=\"550\" data-width=\"400\">\n    <div id=\"metaslider_container_1046\">\n        <div id=\"metaslider_1046\">\n            <ul aria-live='off' class='slides'>\n                <li style=\"display: block; width: 100%;\" class=\"slide-1052 ms-image \" aria-roledescription=\"slide\" data-date=\"2026-05-03 19:55:08\" data-filename=\"6-400x550.jpg\" data-slide-type=\"image\"><img loading=\"lazy\" decoding=\"async\" src=\"https:\/\/physiotherapie-resonanzraum.at\/wp-content\/uploads\/2026\/05\/6-400x550.jpg\" height=\"550\" width=\"400\" alt=\"\" class=\"slider-1046 slide-1052 msDefaultImage\" title=\"6\" \/><\/li>\n                <li style=\"display: none; width: 100%;\" class=\"slide-1051 ms-image \" aria-roledescription=\"slide\" data-date=\"2026-05-03 19:55:08\" data-filename=\"Behandlungsraum-400x550.jpg\" data-slide-type=\"image\"><img loading=\"lazy\" decoding=\"async\" src=\"https:\/\/physiotherapie-resonanzraum.at\/wp-content\/uploads\/2026\/05\/Behandlungsraum-400x550.jpg\" height=\"550\" width=\"400\" alt=\"\" class=\"slider-1046 slide-1051 msDefaultImage\" title=\"Behandlungsraum\" \/><\/li>\n                <li style=\"display: none; width: 100%;\" class=\"slide-1057 ms-image \" aria-roledescription=\"slide\" data-date=\"2026-05-03 20:05:26\" data-filename=\"Website-Physiotherapie-Resonanzraum-Fotos-Praxis1-400x550.jpg\" data-slide-type=\"image\"><img loading=\"lazy\" decoding=\"async\" src=\"https:\/\/physiotherapie-resonanzraum.at\/wp-content\/uploads\/2026\/05\/Website-Physiotherapie-Resonanzraum-Fotos-Praxis1-400x550.jpg\" height=\"550\" width=\"400\" alt=\"\" class=\"slider-1046 slide-1057 msDefaultImage\" title=\"Website Physiotherapie Resonanzraum - Fotos Praxis(1)\" \/><\/li>\n                <li style=\"display: none; width: 100%;\" class=\"slide-1047 ms-image \" aria-roledescription=\"slide\" data-date=\"2026-05-03 19:55:08\" data-filename=\"Anamnesegespraech-400x550.jpg\" data-slide-type=\"image\"><img loading=\"lazy\" decoding=\"async\" src=\"https:\/\/physiotherapie-resonanzraum.at\/wp-content\/uploads\/2026\/05\/Anamnesegespraech-400x550.jpg\" height=\"550\" width=\"400\" alt=\"\" class=\"slider-1046 slide-1047 msDefaultImage\" title=\"Anamnesegespra\u0308ch\" \/><\/li>\n                <li style=\"display: none; width: 100%;\" class=\"slide-1048 ms-image \" aria-roledescription=\"slide\" data-date=\"2026-05-03 19:55:08\" data-filename=\"2-400x550.jpg\" data-slide-type=\"image\"><img loading=\"lazy\" decoding=\"async\" src=\"https:\/\/physiotherapie-resonanzraum.at\/wp-content\/uploads\/2026\/05\/2-400x550.jpg\" height=\"550\" width=\"400\" alt=\"\" class=\"slider-1046 slide-1048 msDefaultImage\" title=\"2\" \/><\/li>\n                <li style=\"display: none; width: 100%;\" class=\"slide-1049 ms-image \" aria-roledescription=\"slide\" data-date=\"2026-05-03 19:55:08\" data-filename=\"Arbeitsplatz_-400x550.jpg\" data-slide-type=\"image\"><img loading=\"lazy\" decoding=\"async\" src=\"https:\/\/physiotherapie-resonanzraum.at\/wp-content\/uploads\/2026\/05\/Arbeitsplatz_-400x550.jpg\" height=\"550\" width=\"400\" alt=\"\" class=\"slider-1046 slide-1049 msDefaultImage\" title=\"Arbeitsplatz_\" \/><\/li>\n                <li style=\"display: none; width: 100%;\" class=\"slide-1050 ms-image \" aria-roledescription=\"slide\" data-date=\"2026-05-03 19:55:08\" data-filename=\"4-400x550.jpg\" data-slide-type=\"image\"><img loading=\"lazy\" decoding=\"async\" src=\"https:\/\/physiotherapie-resonanzraum.at\/wp-content\/uploads\/2026\/05\/4-400x550.jpg\" height=\"550\" width=\"400\" alt=\"\" class=\"slider-1046 slide-1050 msDefaultImage\" title=\"4\" \/><\/li>\n                <li style=\"display: none; width: 100%;\" class=\"slide-1053 ms-image \" aria-roledescription=\"slide\" data-date=\"2026-05-03 19:55:08\" data-filename=\"7-400x550.jpg\" data-slide-type=\"image\"><img loading=\"lazy\" decoding=\"async\" src=\"https:\/\/physiotherapie-resonanzraum.at\/wp-content\/uploads\/2026\/05\/7-400x550.jpg\" height=\"550\" width=\"400\" alt=\"\" class=\"slider-1046 slide-1053 msDefaultImage\" title=\"7\" \/><\/li>\n            <\/ul>\n        <\/div>\n        \n    <\/div>\n<\/div>\n<\/div>\n\n\n\n<div class=\"wp-block-column is-layout-flow wp-block-column-is-layout-flow\">\n<h2 class=\"wp-block-heading header_mobile has-text-color has-link-color has-large-font-size wp-elements-3\" id=\"Aktuelles\" style=\"color:#718b52\">Resonanzraum<\/h2>\n\n\n\n<p class=\"has-palette-color-4-color has-text-color has-link-color wp-elements-4 wp-block-paragraph\">Ich schaffe dir einen sicheren, achtsamen Raum, in dem nicht nur deine k\u00f6rperlichen Schmerzen, sondern du als ganzer Mensch Geh\u00f6r findest. <\/p>\n\n\n\n<p class=\"has-palette-color-4-color has-text-color has-link-color wp-elements-5 wp-block-paragraph\">Durch sanfte manuelle Impulse angeregt, k\u00f6nnen sich die Spannung in deinen Gelenken und deinem Gewebe l\u00f6sen, damit Schwingung, Fluss und Beweglichkeit in dein System zur\u00fcckkehren. <\/p>\n\n\n\n<p class=\"has-palette-color-4-color has-text-color has-link-color wp-elements-6 wp-block-paragraph\">Mit gezielten \u00dcbungen lernst du, deine K\u00f6rperr\u00e4ume wieder bewusst zu sp\u00fcren, dein Nervensystem zur Ruhe zu bringen und den Weg f\u00fcr deine nat\u00fcrliche Selbstheilung frei zu machen. <\/p>\n\n\n\n<p class=\"has-palette-color-4-color has-text-color has-link-color wp-elements-7 wp-block-paragraph\">Lass uns gemeinsam tiefer ergr\u00fcnden, was hinter deinen Beschwerden steckt, und deinem K\u00f6rper die Anpassungsf\u00e4higkeit zur\u00fcckgeben, die er f\u00fcr ein leichtes Leben braucht<\/p>\n<\/div>\n<\/div>\n<\/div><\/div>\n\n\n\n<div id=\"Therapieans\u00e4tze\" class=\"green-blur-box\">\n    <div class=\"video-window-content\">\n        <h2 class=\"wp-block-heading p-block-heading has-text-align-center scroll-trigger resonance-green-text\">\n            Therapieans\u00e4tze\n        <\/h2>\n    <\/div>\n<\/div>\n\n<style>\n.green-blur-box {\n    position: relative;\n    width: 100%;\n    height: 180px; \n    background-color: #ffffff; \n    margin: 0; \n    display: flex;\n    align-items: center;\n    justify-content: center;\n    overflow: hidden;\n    scroll-margin-top: 80px;\n\n    \/* DER ULTRASOFT-EFFEKT *\/\n    \/* Erster Wert (0 35px): Positioniert den Schatten *\/\n    \/* Zweiter Wert (60px): Hoher Blur f\u00fcr maximale Weichheit *\/\n    \/* Dritter Wert (-25px): Negativer Spread zieht die harte Kante nach au\u00dfen weg *\/\n    box-shadow: \n        inset 0 35px 60px -25px rgba(113, 139, 82, 0.25), \n        inset 0 -35px 60px -25px rgba(113, 139, 82, 0.25) !important;\n}\n\n\/* Wir entfernen die alten ::before\/::after Verl\u00e4ufe, da sie oft zu linear wirken *\/\n.green-blur-box::before,\n.green-blur-box::after {\n    display: none;\n}\n\n.resonance-green-text {\n    color: #718B52 !important; \n    font-weight: 700;\n    margin: 0;\n    z-index: 10;\n    position: relative;\n    text-shadow: none !important;\n}\n\n@media (max-width: 767px) {\n    .green-blur-box {\n        height: 120px;\n        scroll-margin-top: 60px;\n        \/* Schatten auf Mobilger\u00e4ten etwas dezenter *\/\n        box-shadow: \n            inset 0 25px 40px -20px rgba(113, 139, 82, 0.2), \n            inset 0 -25px 40px -20px rgba(113, 139, 82, 0.2) !important;\n    }\n    .resonance-green-text {\n        font-size: 1.8rem;\n    }\n}\n<\/style>\n\n\n\n<div class=\"wp-block-cover alignfull is-light cover-shadow-fix\" style=\"min-height:1673px;aspect-ratio:unset;\"><img loading=\"lazy\" decoding=\"async\" width=\"1024\" height=\"576\" class=\"wp-block-cover__image-background wp-image-199 size-large\" alt=\"\" src=\"https:\/\/physiotherapie-resonanzraum.at\/wp-content\/uploads\/2026\/03\/Design-ohne-Titel1-1-1024x576.jpg\" style=\"object-position:17% 26%\" data-object-fit=\"cover\" data-object-position=\"17% 26%\" srcset=\"https:\/\/physiotherapie-resonanzraum.at\/wp-content\/uploads\/2026\/03\/Design-ohne-Titel1-1-1024x576.jpg 1024w, https:\/\/physiotherapie-resonanzraum.at\/wp-content\/uploads\/2026\/03\/Design-ohne-Titel1-1-300x169.jpg 300w, https:\/\/physiotherapie-resonanzraum.at\/wp-content\/uploads\/2026\/03\/Design-ohne-Titel1-1-768x432.jpg 768w, https:\/\/physiotherapie-resonanzraum.at\/wp-content\/uploads\/2026\/03\/Design-ohne-Titel1-1-1536x864.jpg 1536w\" sizes=\"auto, (max-width: 1024px) 100vw, 1024px\" \/><span aria-hidden=\"true\" class=\"wp-block-cover__background has-background-dim-10 has-background-dim\" style=\"background-color:#5e748f\"><\/span><div class=\"wp-block-cover__inner-container is-layout-constrained wp-block-cover-is-layout-constrained\">\n<div class=\"wp-block-columns is-layout-flex wp-container-core-columns-is-layout-995f960e wp-block-columns-is-layout-flex\">\n<div class=\"wp-block-column is-layout-flow wp-block-column-is-layout-flow\">\n<div style=\"height:27px\" aria-hidden=\"true\" class=\"wp-block-spacer\"><\/div>\n\n\n\n<div class=\"wp-block-columns is-layout-flex wp-container-core-columns-is-layout-995f960e wp-block-columns-is-layout-flex\">\n<div class=\"wp-block-column is-layout-flow wp-block-column-is-layout-flow\">\n<div style=\"height:20px\" aria-hidden=\"true\" class=\"wp-block-spacer\"><\/div>\n\n\n\n<figure class=\"wp-block-image aligncenter size-full is-resized scroll-trigger\"><img loading=\"lazy\" decoding=\"async\" width=\"600\" height=\"480\" src=\"https:\/\/physiotherapie-resonanzraum.at\/wp-content\/uploads\/2026\/03\/Heilmassage-2.png\" alt=\"\" class=\"wp-image-613\" style=\"aspect-ratio:1.2499999581032715;width:315px;height:auto\" srcset=\"https:\/\/physiotherapie-resonanzraum.at\/wp-content\/uploads\/2026\/03\/Heilmassage-2.png 600w, https:\/\/physiotherapie-resonanzraum.at\/wp-content\/uploads\/2026\/03\/Heilmassage-2-300x240.png 300w\" sizes=\"auto, (max-width: 600px) 100vw, 600px\" \/><\/figure>\n\n\n\n<div style=\"height:0px\" aria-hidden=\"true\" class=\"wp-block-spacer\"><\/div>\n<\/div>\n\n\n\n<div class=\"wp-block-column is-layout-flow wp-block-column-is-layout-flow\">\n<h2 class=\"wp-block-heading mobile_header_center has-text-color has-link-color has-large-font-size wp-elements-8\" style=\"color:#718b52\">Physiotherapie<\/h2>\n\n\n\n<p class=\"has-palette-color-4-color has-text-color has-link-color wp-elements-9 wp-block-paragraph\">Durch manuelle Techniken, passives und aktives Bewegen sowie entspannende Muskeltechniken werden je nach Diagnose und Beschwerdebild Schmerzen und\/oder Bewegungseinschr\u00e4nkungen <strong>bei akuten, chronischen oder postoperativen orthop\u00e4dischen Problemen sowie neurologischen Krankheitsbildern<\/strong> behandelt.<\/p>\n\n\n\n<p class=\"has-palette-color-4-color has-text-color has-link-color wp-elements-10 wp-block-paragraph\">Wird als <strong>Heilgymnastik <\/strong>in der Dauer von 30&#8242;, 45&#8242; oder 60&#8242; vom Arzt verordnet. <\/p>\n<\/div>\n<\/div>\n\n\n\n<div style=\"height:27px\" aria-hidden=\"true\" class=\"wp-block-spacer\"><\/div>\n\n\n\n<hr class=\"wp-block-separator has-alpha-channel-opacity is-style-wide\" style=\"margin-top:var(--wp--preset--spacing--40);margin-bottom:var(--wp--preset--spacing--40)\"\/>\n\n\n\n<div style=\"height:27px\" aria-hidden=\"true\" class=\"wp-block-spacer\"><\/div>\n\n\n\n<div class=\"wp-block-columns is-layout-flex wp-container-core-columns-is-layout-995f960e wp-block-columns-is-layout-flex\">\n<div class=\"wp-block-column is-layout-flow wp-block-column-is-layout-flow\">\n<div style=\"height:21px\" aria-hidden=\"true\" class=\"wp-block-spacer\"><\/div>\n\n\n\n<figure class=\"wp-block-image aligncenter size-full is-resized scroll-trigger\"><img loading=\"lazy\" decoding=\"async\" width=\"600\" height=\"480\" src=\"https:\/\/physiotherapie-resonanzraum.at\/wp-content\/uploads\/2026\/03\/Beckenbodentraining-2.png\" alt=\"\" class=\"wp-image-615\" style=\"aspect-ratio:1.2499999581032715;object-fit:cover;width:315px\" srcset=\"https:\/\/physiotherapie-resonanzraum.at\/wp-content\/uploads\/2026\/03\/Beckenbodentraining-2.png 600w, https:\/\/physiotherapie-resonanzraum.at\/wp-content\/uploads\/2026\/03\/Beckenbodentraining-2-300x240.png 300w\" sizes=\"auto, (max-width: 600px) 100vw, 600px\" \/><\/figure>\n<\/div>\n\n\n\n<div class=\"wp-block-column is-layout-flow wp-block-column-is-layout-flow\">\n<h2 class=\"wp-block-heading mobile_header_center has-text-color has-link-color has-large-font-size wp-elements-11\" style=\"color:#718b52\">Beckenbodentraining<\/h2>\n\n\n\n<p class=\"has-palette-color-4-color has-text-color has-link-color wp-elements-12 wp-block-paragraph\">Ein starker Beckenboden schenkt dir Halt von innen und ist das elastische Fundament f\u00fcr deine aufrechte Haltung. In der Therapie lernst du, dieses Zentrum gezielt wahrzunehmen, zu kr\u00e4ftigen und \u2013 ebenso wichtig \u2013 bewusst loszulassen. So schaffen wir gemeinsam einen sicheren Raum f\u00fcr neue Belastbarkeit und Vertrauen in die eigene Mitte.<\/p>\n\n\n\n<p class=\"has-palette-color-4-color has-text-color has-link-color wp-elements-13 wp-block-paragraph\"><strong>Beckenbodentraining<\/strong> im Einzelsetting kann <strong>als Heilgymnastik \u00e4rztlich verordnet werden<\/strong>. In der Einzelbehandlung arbeite ich bei Bedarf auch noch unterst\u00fctzend mit craniosacralen, visceralen oder manuellen Techniken insbesondere wenn du zus\u00e4tzlich zu Beckenbodenbeschwerden wie Harninkontinenz oder Organsenkungen Schmerzen im unteren R\u00fccken oder Unterbauchbereich hast.<\/p>\n\n\n\n<p class=\"wp-block-paragraph\"><strong>Beckenbodentraining in Kleingruppen<\/strong>. <\/p>\n<\/div>\n<\/div>\n\n\n\n<div style=\"height:27px\" aria-hidden=\"true\" class=\"wp-block-spacer\"><\/div>\n\n\n\n<hr class=\"wp-block-separator has-alpha-channel-opacity is-style-wide\" style=\"margin-top:var(--wp--preset--spacing--40);margin-bottom:var(--wp--preset--spacing--40)\"\/>\n\n\n\n<div style=\"height:27px\" aria-hidden=\"true\" class=\"wp-block-spacer\"><\/div>\n\n\n\n<div class=\"wp-block-columns is-layout-flex wp-container-core-columns-is-layout-995f960e wp-block-columns-is-layout-flex\">\n<div class=\"wp-block-column is-layout-flow wp-block-column-is-layout-flow\">\n<div style=\"height:20px\" aria-hidden=\"true\" class=\"wp-block-spacer\"><\/div>\n\n\n\n<figure class=\"wp-block-image aligncenter size-full is-resized scroll-trigger\"><img loading=\"lazy\" decoding=\"async\" width=\"600\" height=\"480\" src=\"https:\/\/physiotherapie-resonanzraum.at\/wp-content\/uploads\/2026\/03\/Massage-3.png\" alt=\"\" class=\"wp-image-616\" style=\"aspect-ratio:1.2500000502264308;object-fit:cover;width:315px\" srcset=\"https:\/\/physiotherapie-resonanzraum.at\/wp-content\/uploads\/2026\/03\/Massage-3.png 600w, https:\/\/physiotherapie-resonanzraum.at\/wp-content\/uploads\/2026\/03\/Massage-3-300x240.png 300w\" sizes=\"auto, (max-width: 600px) 100vw, 600px\" \/><\/figure>\n<\/div>\n\n\n\n<div class=\"wp-block-column is-layout-flow wp-block-column-is-layout-flow\">\n<h2 class=\"wp-block-heading mobile_header_center has-text-color has-link-color has-large-font-size wp-elements-14\" style=\"color:#718b52\">Massage <\/h2>\n\n\n\n<p class=\"has-palette-color-4-color has-text-color has-link-color wp-elements-15 wp-block-paragraph\">Elemente aus der Klassischen Massage, der Tuina, Triggerpunktbehandlung werden zur muskul\u00e4ren Entspannung oder Tonusnormalisation angewendet.<\/p>\n\n\n\n<p class=\"has-palette-color-4-color has-text-color has-link-color wp-elements-16 wp-block-paragraph\"><strong>Entspannungsmassagen<\/strong> sowie <strong>Ganzk\u00f6rpermassagen wie Lomi Lomi <\/strong>(ab 1 Stunde) k\u00f6nnen <strong>auch ohne \u00dcberweisung <\/strong>gebucht werden.<\/p>\n\n\n\n<p class=\"has-palette-color-4-color has-text-color has-link-color wp-elements-17 wp-block-paragraph\"><strong>Massage <\/strong>als <strong>Zusatzbehandlung\/Teilmassage<\/strong> <strong>von 15&#8242; <\/strong>in Kombination mit 30&#8242; Heilgymnastik <strong>vom Arzt verordnet.<\/strong><\/p>\n<\/div>\n<\/div>\n\n\n\n<div style=\"height:0px\" aria-hidden=\"true\" class=\"wp-block-spacer\"><\/div>\n\n\n\n<hr class=\"wp-block-separator has-alpha-channel-opacity is-style-wide\" style=\"margin-top:var(--wp--preset--spacing--40);margin-bottom:var(--wp--preset--spacing--40)\"\/>\n\n\n\n<h5 class=\"wp-block-heading mobile_header_center has-text-color has-link-color wp-elements-18\" style=\"color:#718b52\">Tuina<\/h5>\n\n\n\n<p class=\"wp-block-paragraph\">Tuina ist neben Akupunktur, Kr\u00e4utertherapie, Ern\u00e4hrung nach den 5 Elementen und Tai Chi\/Chi Gong eine der 5 S\u00e4ulen der Traditionellen Chinesischen Medizin (TCM). <\/p>\n\n\n\n<p class=\"wp-block-paragraph\">&#8222;Tui&#8220; bedeutet schieben, &#8222;Na&#8220; greifen. Es handelt sich um eine Behandlungsform, die verschiedene Massagegriffe, Akupressur und auch Gelenksmobilisation beinhaltet. Das Ziel von Tuina ist es, muskul\u00e4re und energetische Blockaden im Gewebe zu l\u00f6sen, wodurch sich die Trophik (Stoffwechsel, Versorgung, Durchblutung) im Gewebe verbessert, Schmerzen positiv beeinflusst werden k\u00f6nnen und die Beweglichkeit in den Gelenken verbessert wird.<\/p>\n\n\n\n<hr class=\"wp-block-separator has-alpha-channel-opacity is-style-wide\" style=\"margin-top:var(--wp--preset--spacing--40);margin-bottom:var(--wp--preset--spacing--40)\"\/>\n\n\n\n<h5 class=\"wp-block-heading mobile_header_center has-text-color has-link-color wp-elements-19\" style=\"color:#718b52\">Craniosacraltherapie<\/h5>\n\n\n\n<p class=\"wp-block-paragraph\">Die Craniosacraltherapie ist eine der 3 S\u00e4ulen der Osteopathie, die sich mit dem Craniosacralen Rhythmus befasst, der durch die Bewegungen der Gehirn- und R\u00fcckenmarksfl\u00fcssigkeit entsteht und insbesondere am Sch\u00e4del und entlang des R\u00fcckenmarks aber auch via Faszienverbindungen am ganzen K\u00f6rper sp\u00fcrbar ist. Diese Bewegungen werden durch Spannung\/Restriktionen im Gewebe beeinflusst. Mit achtsamen begleitenden Bewegungen und kleinen Impulsen kommt es zu einer sp\u00fcrbaren Entspannung im Gewebe. <\/p>\n\n\n\n<hr class=\"wp-block-separator has-alpha-channel-opacity is-style-wide\" style=\"margin-top:var(--wp--preset--spacing--40);margin-bottom:var(--wp--preset--spacing--40)\"\/>\n\n\n\n<h5 class=\"wp-block-heading mobile_header_center has-text-color has-link-color wp-elements-20\" style=\"color:#718b52\">Viscerale Mobilisation<\/h5>\n\n\n\n<p class=\"wp-block-paragraph\">Sanfte Gewebetechniken, um Verklebungen im Bindegewebe (den Faszien) und den Aufh\u00e4ngestrukturen der Organe zu l\u00f6sen.<\/p>\n\n\n\n<hr class=\"wp-block-separator has-alpha-channel-opacity is-style-wide\" style=\"margin-top:var(--wp--preset--spacing--40);margin-bottom:var(--wp--preset--spacing--40)\"\/>\n\n\n\n<h5 class=\"wp-block-heading mobile_header_center has-text-color has-link-color has-medium-font-size wp-elements-21\" style=\"color:#718b52\">Bewegungsgruppen<\/h5>\n\n\n\n<p class=\"wp-block-paragraph\">Ich biete auch immer wieder Kleingruppen mit unterschiedlichen Schwerpunkten wie <strong>Beckenbodentraining<\/strong>, <strong>R\u00fcckengesundheit <\/strong>oder <strong>Bewegung &amp; Atmung <\/strong>an. Genauere Informationen und Daten findest du unter <strong>Aktuelles.<\/strong><\/p>\n<\/div>\n<\/div>\n<\/div><\/div>\n\n\n\n<div id=\"Dienstleistungen\" class=\"green-blur-box\">\n    <div class=\"video-window-content\">\n        <h2 class=\"wp-block-heading p-block-heading has-text-align-center scroll-trigger resonance-green-text\">\n            Dienstleistungen\n        <\/h2>\n    <\/div>\n<\/div>\n\n<style>\n.green-blur-box {\n    position: relative;\n    width: 100%;\n    height: 180px; \n    background-color: #ffffff; \n    margin: 0; \n    display: flex;\n    align-items: center;\n    justify-content: center;\n    overflow: hidden;\n    scroll-margin-top: 80px;\n\n    \/* DER ULTRASOFT-EFFEKT *\/\n    \/* Erster Wert (0 35px): Positioniert den Schatten *\/\n    \/* Zweiter Wert (60px): Hoher Blur f\u00fcr maximale Weichheit *\/\n    \/* Dritter Wert (-25px): Negativer Spread zieht die harte Kante nach au\u00dfen weg *\/\n    box-shadow: \n        inset 0 35px 60px -25px rgba(113, 139, 82, 0.25), \n        inset 0 -35px 60px -25px rgba(113, 139, 82, 0.25) !important;\n}\n\n\/* Wir entfernen die alten ::before\/::after Verl\u00e4ufe, da sie oft zu linear wirken *\/\n.green-blur-box::before,\n.green-blur-box::after {\n    display: none;\n}\n\n.resonance-green-text {\n    color: #718B52 !important; \n    font-weight: 700;\n    margin: 0;\n    z-index: 10;\n    position: relative;\n    text-shadow: none !important;\n}\n\n@media (max-width: 767px) {\n    .green-blur-box {\n        height: 120px;\n        scroll-margin-top: 60px;\n        \/* Schatten auf Mobilger\u00e4ten etwas dezenter *\/\n        box-shadow: \n            inset 0 25px 40px -20px rgba(113, 139, 82, 0.2), \n            inset 0 -25px 40px -20px rgba(113, 139, 82, 0.2) !important;\n    }\n    .resonance-green-text {\n        font-size: 1.8rem;\n    }\n}\n<\/style>\n\n\n\n<div class=\"wp-block-cover alignfull is-light cover-shadow-fix\" style=\"border-style:none;border-width:0px;border-top-left-radius:0px;border-top-right-radius:0px;border-bottom-left-radius:0px;border-bottom-right-radius:0px\"><img loading=\"lazy\" decoding=\"async\" width=\"1024\" height=\"576\" class=\"wp-block-cover__image-background wp-image-199 size-large\" alt=\"\" src=\"https:\/\/physiotherapie-resonanzraum.at\/wp-content\/uploads\/2026\/03\/Design-ohne-Titel1-1-1024x576.jpg\" style=\"object-position:22% 77%\" data-object-fit=\"cover\" data-object-position=\"22% 77%\" srcset=\"https:\/\/physiotherapie-resonanzraum.at\/wp-content\/uploads\/2026\/03\/Design-ohne-Titel1-1-1024x576.jpg 1024w, https:\/\/physiotherapie-resonanzraum.at\/wp-content\/uploads\/2026\/03\/Design-ohne-Titel1-1-300x169.jpg 300w, https:\/\/physiotherapie-resonanzraum.at\/wp-content\/uploads\/2026\/03\/Design-ohne-Titel1-1-768x432.jpg 768w, https:\/\/physiotherapie-resonanzraum.at\/wp-content\/uploads\/2026\/03\/Design-ohne-Titel1-1-1536x864.jpg 1536w\" sizes=\"auto, (max-width: 1024px) 100vw, 1024px\" \/><span aria-hidden=\"true\" class=\"wp-block-cover__background has-cyan-bluish-gray-background-color has-background-dim-10 has-background-dim\"><\/span><div class=\"wp-block-cover__inner-container is-layout-constrained wp-block-cover-is-layout-constrained\">\n<div class=\"wp-block-columns is-layout-flex wp-container-core-columns-is-layout-995f960e wp-block-columns-is-layout-flex\">\n<div class=\"wp-block-column is-layout-flow wp-block-column-is-layout-flow\">\n<p class=\"wp-block-paragraph\"><\/p>\n\n\n\n<p class=\"has-palette-color-4-color has-text-color has-link-color wp-elements-22 wp-block-paragraph\"><strong>Heilgymnastik<\/strong><\/p>\n\n\n\n<p class=\"has-palette-color-4-color has-text-color has-link-color wp-elements-23 wp-block-paragraph\">Physiotherapeutische Ma\u00dfnahmen wie manuelle Techniken zur  Mobilisation, Schmerzreduktion, muskul\u00e4ren Entspannung, F\u00f6rderung der Wundheilung sowie aktive Therapie in Form von gezielten \u00dcbungen, Haltungsaufbau und Verbesserung des Gangbilds werden vom Arzt als Heilgymnastik in der Dauer von <strong>30&#8242;, 45&#8242; <\/strong>oder <strong>60&#8242; <\/strong>verordnet.<\/p>\n\n\n\n<p class=\"wp-block-paragraph\"><strong>Massage<\/strong><\/p>\n\n\n\n<p class=\"wp-block-paragraph\">Manuelle Techniken, um die muskul\u00e4re Spannung im Gewebe zu normalisieren wie Elemente aus der klassischen Massage, aber auch andere Gewebetechniken wie Triggerpunktbehandlung sowie Tuina. Wird von den Krankenkassen nur in Form von <strong>15&#8242; Teilmassage <\/strong>in Kombination mit mindestens 30&#8242; Heilgymnastik bewilligt bzw teilr\u00fcckerstattet. <\/p>\n\n\n\n<p class=\"wp-block-paragraph\"><strong>Hausbesuche<\/strong><\/p>\n\n\n\n<p class=\"wp-block-paragraph\">Wenn eine Behandlung in meiner Praxis nicht m\u00f6glich ist, biete ich auch Hausbesuche an. Dies <strong>muss vom Arzt zus\u00e4tzlich zur Dauer und Art der Behandlung (Heilgymnastik) auf dem \u00dcberweisungsschein vermerkt sein<\/strong>, damit es zu einer entsprechenden R\u00fcckerstattung durch die Krankenkasse kommt.<\/p>\n\n\n\n<p class=\"has-palette-color-4-color has-text-color has-link-color wp-elements-24 wp-block-paragraph\"><strong>Ich bin Wahltherapeutin. <\/strong>Das hei\u00dft, du bekommst die Rechnung am Ende des Behandlungsblocks. <br>Den vereinbarten Betrag \u00fcberweist du bitte auf mein Konto.<br><br>Die Zahlungsbest\u00e4tigung kannst du zusammen mit dem \u00dcberweisungsschein und der Bewilligung durch deine Krankenversicherung (derzeit sind \u00d6GK und BVA bewilligungsfrei, die SVS ist bewilligungspflichtig) einreichen, damit du je nach Art der Verordnung ann\u00e4hernd die H\u00e4lfte der Kosten r\u00fcckerstattet bekommst. Einen Kostenvoranschlag mit der zu erwartenden R\u00fcckerstattung durch die Krankenkasse bekommst Du gerne schriftlich bei Therapieanfrage.<br><br>Eventuell \u00fcbernimmt deine Zusatz- oder Unfallversicherung- falls vorhanden-, den Rest der Kosten.<\/p>\n\n\n\n<p class=\"wp-block-paragraph\"><\/p>\n\n\n\n<p class=\"wp-block-paragraph\"><\/p>\n\n\n\n<p class=\"wp-block-paragraph\"><strong>Wohlf\u00fchlmassagen<\/strong> (ohne \u00e4rztliche \u00dcberweisung), <strong>Prophylaxebehandlung<\/strong><\/p>\n\n\n\n<p class=\"wp-block-paragraph\">Physiotherapeutische Beratung\/Untersuchung 45&#8242;<\/p>\n\n\n\n<p class=\"wp-block-paragraph\">R\u00fcckenmassage 45&#8242; oder 60&#8242;<\/p>\n\n\n\n<p class=\"wp-block-paragraph\">Lomi Lomi Nui 60&#8242; oder 90&#8242; <\/p>\n\n\n\n<p class=\"wp-block-paragraph\"><\/p>\n<\/div>\n<\/div>\n<\/div><\/div>\n\n\n\n<div id=\"Kontakt\" class=\"green-blur-box\">\n    <div class=\"video-window-content\">\n        <h2 class=\"wp-block-heading p-block-heading has-text-align-center scroll-trigger resonance-green-text\">\n            Terminvereinbarung &#038; Kontakt\n        <\/h2>\n    <\/div>\n<\/div>\n\n<style>\n.green-blur-box {\n    position: relative;\n    width: 100%;\n    height: 180px; \n    background-color: #ffffff; \n    margin: 0; \n    display: flex;\n    align-items: center;\n    justify-content: center;\n    overflow: hidden;\n    scroll-margin-top: 80px;\n\n    \/* Ultrasoft-Effekt bleibt gleich *\/\n    box-shadow: \n        inset 0 35px 60px -25px rgba(113, 139, 82, 0.25), \n        inset 0 -35px 60px -25px rgba(113, 139, 82, 0.25) !important;\n}\n\n.resonance-green-text {\n    color: #718B52 !important; \n    font-weight: 700;\n    margin: 0;\n    z-index: 10;\n    position: relative;\n    text-shadow: none !important;\n    text-align: center;\n}\n\n@media (max-width: 767px) {\n    .green-blur-box {\n        height: 120px;\n        scroll-margin-top: 60px;\n        box-shadow: \n            inset 0 25px 40px -20px rgba(113, 139, 82, 0.2), \n            inset 0 -25px 40px -20px rgba(113, 139, 82, 0.2) !important;\n    }\n    .video-window-content {\n        width: 90%; \/* Verhindert, dass der Text den Bildschirmrand ber\u00fchrt *\/\n    }\n    .resonance-green-text {\n        \/* Angepasste Schriftgr\u00f6\u00dfe f\u00fcr Handys *\/\n        font-size: 1.4rem !important; \n        line-height: 1.2;\n        word-wrap: break-word;\n    }\n}\n<\/style>\n\n\n\n<div class=\"wp-block-cover alignfull is-light cover-shadow-fix\"><span aria-hidden=\"true\" class=\"wp-block-cover__background has-cyan-bluish-gray-background-color has-background-dim-10 has-background-dim\"><\/span><div class=\"wp-block-cover__inner-container is-layout-constrained wp-block-cover-is-layout-constrained\">\n<p class=\"wp-block-paragraph\" id=\"Kontakt\"><\/p>\n\n\n\n<div class=\"wp-block-columns is-layout-flex wp-container-core-columns-is-layout-995f960e wp-block-columns-is-layout-flex\">\n<div class=\"wp-block-column is-layout-flow wp-block-column-is-layout-flow\">\n<p class=\"has-palette-color-4-color has-text-color has-link-color wp-elements-25 wp-block-paragraph\">Ein wesentlicher Teil der Therapie ist der Raum, in dem sie stattfindet \u2013 und der Dialog, der dort beginnt. Wenn du bereit bist, deinem K\u00f6rper Aufmerksamkeit zu schenken und\/oder Schmerzen aktiv anzugehen, freue ich mich darauf, dich im <strong>Physiotherapie Resonanzraum<\/strong> zu begr\u00fc\u00dfen.<\/p>\n<\/div>\n\n\n\n<div class=\"wp-block-column is-layout-flow wp-block-column-is-layout-flow\"><\/div>\n<\/div>\n\n\n\n<div style=\"height:35px\" aria-hidden=\"true\" class=\"wp-block-spacer\"><\/div>\n\n\n\n<div class=\"wp-block-columns is-layout-flex wp-container-core-columns-is-layout-995f960e wp-block-columns-is-layout-flex\">\n<div class=\"wp-block-column is-layout-flow wp-block-column-is-layout-flow\"><div class=\"forminator-ui forminator-custom-form forminator-custom-form-414 forminator-design--default  forminator_ajax\" data-forminator-render=\"0\" data-form=\"forminator-module-414\" data-uid=\"6a9ac7dd264a9\"><br\/><\/div><form\n\t\t\t\tid=\"forminator-module-414\"\n\t\t\t\tclass=\"forminator-ui forminator-custom-form forminator-custom-form-414 forminator-design--default  forminator_ajax\"\n\t\t\t\tmethod=\"post\"\n\t\t\t\tdata-forminator-render=\"0\"\n\t\t\t\tdata-form-id=\"414\"\n\t\t\t\t data-color-option=\"theme\" data-design=\"default\" data-grid=\"open\" style=\"display: none;\"\n\t\t\t\tdata-uid=\"6a9ac7dd264a9\"\n\t\t\t><div role=\"alert\" aria-live=\"polite\" class=\"forminator-response-message forminator-error\" aria-hidden=\"true\"><\/div><div class=\"forminator-row\"><div id=\"name-1\" class=\"forminator-field-name forminator-col forminator-col-12 \"><div class=\"forminator-field\"><label for=\"forminator-field-name-1_6a9ac7dd264a9\" id=\"forminator-field-name-1_6a9ac7dd264a9-label\" class=\"forminator-label\">Name <span class=\"forminator-required\">*<\/span><\/label><input type=\"text\" name=\"name-1\" value=\"\" placeholder=\"\" id=\"forminator-field-name-1_6a9ac7dd264a9\" class=\"forminator-input forminator-name--field\" aria-required=\"true\" autocomplete=\"name\" \/><\/div><\/div><\/div><div class=\"forminator-row\"><div id=\"email-1\" class=\"forminator-field-email forminator-col forminator-col-12 \"><div class=\"forminator-field\"><label for=\"forminator-field-email-1_6a9ac7dd264a9\" id=\"forminator-field-email-1_6a9ac7dd264a9-label\" class=\"forminator-label\">E-Mail-Adresse <span class=\"forminator-required\">*<\/span><\/label><input type=\"email\" name=\"email-1\" value=\"\" placeholder=\"\" id=\"forminator-field-email-1_6a9ac7dd264a9\" class=\"forminator-input forminator-email--field\" data-required=\"true\" aria-required=\"true\" autocomplete=\"email\" \/><\/div><\/div><\/div><div class=\"forminator-row\"><div id=\"phone-1\" class=\"forminator-field-phone forminator-col forminator-col-12 \"><div class=\"forminator-field\"><label for=\"forminator-field-phone-1_6a9ac7dd264a9\" id=\"forminator-field-phone-1_6a9ac7dd264a9-label\" class=\"forminator-label\">Telefonnummer<\/label><input type=\"text\" name=\"phone-1\" value=\"\" placeholder=\"\" id=\"forminator-field-phone-1_6a9ac7dd264a9\" class=\"forminator-input forminator-field--phone\" data-required=\"\" aria-required=\"false\" autocomplete=\"off\" \/><\/div><\/div><\/div><div class=\"forminator-row\"><div id=\"textarea-1\" class=\"forminator-field-textarea forminator-col forminator-col-12 \"><div class=\"forminator-field\"><label for=\"forminator-field-textarea-1_6a9ac7dd264a9\" id=\"forminator-field-textarea-1_6a9ac7dd264a9-label\" class=\"forminator-label\">Nachricht<\/label><span id=\"forminator-field-textarea-1_6a9ac7dd264a9-description\" class=\"forminator-description\"><span data-limit=\"360\" data-type=\"characters\" data-editor=\"\">0 \/ 360<\/span><\/span><textarea name=\"textarea-1\" placeholder=\"\" id=\"forminator-field-textarea-1_6a9ac7dd264a9\" class=\"forminator-textarea\" rows=\"6\" style=\"min-height:200px;\" maxlength=\"360\" ><\/textarea><\/div><\/div><\/div><input type=\"hidden\" name=\"referer_url\" value=\"\" \/><div class=\"forminator-row forminator-row-last\"><div class=\"forminator-col\"><div class=\"forminator-field\"><button class=\"forminator-button forminator-button-submit\">Absenden<\/button><\/div><\/div><\/div><input type=\"hidden\" id=\"forminator_nonce\" name=\"forminator_nonce\" value=\"80b692a923\" \/><input type=\"hidden\" name=\"_wp_http_referer\" value=\"\/index.php?rest_route=%2Fwp%2Fv2%2Fpages%2F8\" \/><input type=\"hidden\" name=\"form_id\" value=\"414\"><input type=\"hidden\" name=\"page_id\" value=\"8\"><input type=\"hidden\" name=\"form_type\" value=\"default\"><input type=\"hidden\" name=\"current_url\" value=\"https:\/\/physiotherapie-resonanzraum.at\/\"><input type=\"hidden\" name=\"render_id\" value=\"0\"><input type=\"hidden\" name=\"action\" value=\"forminator_submit_form_custom-forms\"><\/form>\n<\/div>\n\n\n\n<div class=\"wp-block-column is-layout-flow wp-block-column-is-layout-flow\">\n<p class=\"has-palette-color-4-color has-text-color has-link-color wp-elements-26 wp-block-paragraph\"><strong>Terminvereinbarung<\/strong><\/p>\n\n\n\n<p class=\"has-palette-color-4-color has-text-color has-link-color wp-elements-27 wp-block-paragraph\">Um die Ruhe w\u00e4hrend der Behandlungen zu wahren, bin ich telefonisch nicht durchgehend erreichbar und ist eine Terminanfrage vor Ort leider nicht m\u00f6glich. Du hast jedoch folgende M\u00f6glichkeiten:<\/p>\n\n\n\n<p class=\"has-palette-color-4-color has-text-color has-link-color wp-elements-28 wp-block-paragraph\"><strong>Telefonisch:<\/strong> <br>Hinterlasse mir bitte eine Nachricht unter<a href=\"tel:+436643485450\" data-type=\"tel\" data-id=\"tel:+436643485450\"> +43(0)664 3485450<\/a>. Ich rufe verl\u00e4sslich zur\u00fcck.<\/p>\n\n\n\n<p class=\"wp-block-paragraph\"><strong>Per E-Mail:<\/strong> <br>Schreibe mir dein Anliegen an <a href=\"mailto:monika@physiotherapie-resonanzraum.at\">monika@physiotherapie-resonanzraum.at<\/a><\/p>\n\n\n\n<p class=\"wp-block-paragraph\">Die Praxis befindet sich<strong> im 1. Stock<\/strong> im hinteren Teil des <strong>Geb\u00e4udekomplexes Bundesstr. 30\/ R\u00f6merweg 8<\/strong>. Der Zugang ist von der Bundesstra\u00dfe aus \u00fcber eine langgezogene Rampe oder \u00fcber den R\u00f6merweg hinter dem Geb\u00e4ude \u00fcber den Eingang mit der Glast\u00fcre m\u00f6glich (links vom Friseurgesch\u00e4ft). Dort befindet sich das Treppenhaus und ein <strong>Lift<\/strong>, um in das 1. Stockwerk zu gelangen. Der <strong>Eingang der Praxis<\/strong> befindet sich <strong>linker Hand am Ende der Galerie<\/strong>.<\/p>\n\n\n\n<figure class=\"wp-block-gallery has-nested-images columns-default is-cropped wp-block-gallery-1 is-layout-flex wp-block-gallery-is-layout-flex\">\n<figure class=\"wp-block-image size-large\"><img loading=\"lazy\" decoding=\"async\" width=\"768\" height=\"1024\" data-id=\"1079\" src=\"https:\/\/physiotherapie-resonanzraum.at\/wp-content\/uploads\/2026\/05\/Eingang-Praxis-1-768x1024.jpg\" alt=\"\" class=\"wp-image-1079\" srcset=\"https:\/\/physiotherapie-resonanzraum.at\/wp-content\/uploads\/2026\/05\/Eingang-Praxis-1-768x1024.jpg 768w, https:\/\/physiotherapie-resonanzraum.at\/wp-content\/uploads\/2026\/05\/Eingang-Praxis-1-225x300.jpg 225w, https:\/\/physiotherapie-resonanzraum.at\/wp-content\/uploads\/2026\/05\/Eingang-Praxis-1-1152x1536.jpg 1152w, https:\/\/physiotherapie-resonanzraum.at\/wp-content\/uploads\/2026\/05\/Eingang-Praxis-1.jpg 1200w\" sizes=\"auto, (max-width: 768px) 100vw, 768px\" \/><\/figure>\n\n\n\n<figure class=\"wp-block-image size-large\"><img loading=\"lazy\" decoding=\"async\" width=\"768\" height=\"1024\" data-id=\"1078\" src=\"https:\/\/physiotherapie-resonanzraum.at\/wp-content\/uploads\/2026\/05\/Eingang-Praxis-Physiotherapie_-1-768x1024.jpg\" alt=\"\" class=\"wp-image-1078\" srcset=\"https:\/\/physiotherapie-resonanzraum.at\/wp-content\/uploads\/2026\/05\/Eingang-Praxis-Physiotherapie_-1-768x1024.jpg 768w, https:\/\/physiotherapie-resonanzraum.at\/wp-content\/uploads\/2026\/05\/Eingang-Praxis-Physiotherapie_-1-225x300.jpg 225w, https:\/\/physiotherapie-resonanzraum.at\/wp-content\/uploads\/2026\/05\/Eingang-Praxis-Physiotherapie_-1-1152x1536.jpg 1152w, https:\/\/physiotherapie-resonanzraum.at\/wp-content\/uploads\/2026\/05\/Eingang-Praxis-Physiotherapie_-1.jpg 1200w\" sizes=\"auto, (max-width: 768px) 100vw, 768px\" \/><\/figure>\n<\/figure>\n\n\n\n<p class=\"wp-block-paragraph\">Hinter dem Haus im R\u00f6merweg sind <strong>3 Parkfl\u00e4chen<\/strong>, die <strong>gratis genutzt werden k\u00f6nnen<\/strong>.<\/p>\n<\/div>\n<\/div>\n<\/div><\/div>\n\n\n\n<div id=\"\u00dcber-mich\" class=\"green-blur-box\">\n    <div class=\"video-window-content\">\n        <h2 class=\"wp-block-heading p-block-heading has-text-align-center scroll-trigger resonance-green-text\">\n            \u00dcber mich\n        <\/h2>\n    <\/div>\n<\/div>\n\n<style>\n.green-blur-box {\n    position: relative;\n    width: 100%;\n    height: 180px; \n    background-color: #ffffff; \n    margin: 0; \n    display: flex;\n    align-items: center;\n    justify-content: center;\n    overflow: hidden;\n    scroll-margin-top: 80px;\n\n    \/* DER ULTRASOFT-EFFEKT *\/\n    \/* Erster Wert (0 35px): Positioniert den Schatten *\/\n    \/* Zweiter Wert (60px): Hoher Blur f\u00fcr maximale Weichheit *\/\n    \/* Dritter Wert (-25px): Negativer Spread zieht die harte Kante nach au\u00dfen weg *\/\n    box-shadow: \n        inset 0 35px 60px -25px rgba(113, 139, 82, 0.25), \n        inset 0 -35px 60px -25px rgba(113, 139, 82, 0.25) !important;\n}\n\n\/* Wir entfernen die alten ::before\/::after Verl\u00e4ufe, da sie oft zu linear wirken *\/\n.green-blur-box::before,\n.green-blur-box::after {\n    display: none;\n}\n\n.resonance-green-text {\n    color: #718B52 !important; \n    font-weight: 700;\n    margin: 0;\n    z-index: 10;\n    position: relative;\n    text-shadow: none !important;\n}\n\n@media (max-width: 767px) {\n    .green-blur-box {\n        height: 120px;\n        scroll-margin-top: 60px;\n        \/* Schatten auf Mobilger\u00e4ten etwas dezenter *\/\n        box-shadow: \n            inset 0 25px 40px -20px rgba(113, 139, 82, 0.2), \n            inset 0 -25px 40px -20px rgba(113, 139, 82, 0.2) !important;\n    }\n    .resonance-green-text {\n        font-size: 1.8rem;\n    }\n}\n<\/style>\n\n\n\n<div class=\"wp-block-cover alignfull is-light has-custom-content-position is-position-top-center cover-shadow-fix\"><span aria-hidden=\"true\" class=\"wp-block-cover__background has-cyan-bluish-gray-background-color has-background-dim-10 has-background-dim\"><\/span><div class=\"wp-block-cover__inner-container is-layout-constrained wp-block-cover-is-layout-constrained\">\n<p class=\"wp-block-paragraph\" id=\"\u00dcber-mich\"><\/p>\n\n\n\n<div class=\"wp-block-columns is-layout-flex wp-container-core-columns-is-layout-995f960e wp-block-columns-is-layout-flex\">\n<div class=\"wp-block-column is-layout-flow wp-block-column-is-layout-flow\">\n<figure class=\"wp-block-image aligncenter size-full is-resized scroll-trigger\"><img loading=\"lazy\" decoding=\"async\" width=\"600\" height=\"600\" src=\"https:\/\/physiotherapie-resonanzraum.at\/wp-content\/uploads\/2026\/04\/Monika-Ueber-mich.png\" alt=\"\" class=\"wp-image-791\" style=\"width:261px;height:auto\" srcset=\"https:\/\/physiotherapie-resonanzraum.at\/wp-content\/uploads\/2026\/04\/Monika-Ueber-mich.png 600w, https:\/\/physiotherapie-resonanzraum.at\/wp-content\/uploads\/2026\/04\/Monika-Ueber-mich-300x300.png 300w, https:\/\/physiotherapie-resonanzraum.at\/wp-content\/uploads\/2026\/04\/Monika-Ueber-mich-150x150.png 150w\" sizes=\"auto, (max-width: 600px) 100vw, 600px\" \/><\/figure>\n<\/div>\n\n\n\n<div class=\"wp-block-column is-layout-flow wp-block-column-is-layout-flow\">\n<p class=\"wp-block-paragraph\">Das Interesse an den Zusammenh\u00e4ngen im K\u00f6rper ist in meiner sp\u00e4ten Pubert\u00e4t erwacht. Da ich auch stark an Psychologie und Philosophie interessiert war und nach wie vor bin, habe ich mir einen Beruf gew\u00fcnscht, bei dem ich durch meine H\u00e4nde und durch Bewegung Menschen ganzheitlich bei ihrer Heilung unterst\u00fctzen kann.<br><br>So bin ich Physiotherapeutin geworden und bin jeden Tag dankbar, auf so erf\u00fcllende Weise meinen Lebensunterhalt zu verdienen. Die so unterschiedlichen Lebensgeschichten meiner Klienten, die Natur unseres K\u00f6rpers und seine unglaublichen F\u00e4higkeiten ber\u00fchren und erstaunen mich immer wieder aufs Neue.<\/p>\n<\/div>\n<\/div>\n\n\n\n<div class=\"wp-block-columns is-layout-flex wp-container-core-columns-is-layout-995f960e wp-block-columns-is-layout-flex\">\n<div class=\"wp-block-column is-layout-flow wp-block-column-is-layout-flow\">\n<p class=\"has-palette-color-4-color has-text-color has-link-color wp-elements-29 wp-block-paragraph\">Besondere Meilensteine in meiner beruflichen Entwicklung waren meine Erfahrungen mit der Traditionellen chinesischen Medizin (TCM), der Craniosacraltherapie sowie mit Bodyresonance.<br><br>Die TCM verbindet auf besondere Weise k\u00f6rperliche Vorg\u00e4nge mit dem gro\u00dfen Ganzen: mit Vorg\u00e4ngen in der Natur wie den Jahreszeiten oder auch der Einheit hinter den Dualit\u00e4ten wie Tag\/Nacht, m\u00e4nnlich\/weiblich, Aktivit\u00e4t\/Ruhe etc. Die Tuina als Teilbereich der TCM mit ihren Massage- und Mobilisationsaspekten l\u00e4sst sich wunderbar in meine t\u00e4gliche Arbeit als Physiotherapeutin integrieren. Hier arbeite ich viel mit den Meridianpunkte\/Triggerpunkten, die besondere Schl\u00fcsselstellen im Gewebe f\u00fcr Anspannung\/Entspannung sind.<br><br>In der Cranio-Ausbildung konnte ich die Qualit\u00e4t meines Sp\u00fcrens immens verbessern. Es fasziniert mich immer wieder aufs Neue, wieviel Information uns der K\u00f6rper gibt, wenn wir mit Pr\u00e4senz und Offenheit hinh\u00f6ren.<br><br>Und zu guter Letzt bin ich vor ca. 20 Jahren David Crean, einem kanadischen Therapeuten, begegnet, der \u201eBodyresonance\u201c begr\u00fcndet hat, das weniger eine bestimmte Therapieform sondern mehr eine innere Haltung beschreibt von &#8222;in Resonanz gehen, sein&#8220; mit dem was gerade ist &#8211; auch als 2 Menschen, die sich in ihrem So- Sein und ihren Themen begegnen. Und diesen Raum von in Kontakt sein ohne Vorstellung, Wissen, was geschehen soll\/ muss, empfinde ich als immens kraftvoll, gleichzeitig zutiefst entspannend und heilsam.<\/p>\n\n\n\n<div class=\"wp-block-columns is-layout-flex wp-container-core-columns-is-layout-995f960e wp-block-columns-is-layout-flex\">\n<div class=\"wp-block-column has-palette-color-4-color has-text-color has-link-color wp-elements-30 is-layout-flow wp-block-column-is-layout-flow\">\n<p class=\"has-palette-color-4-color has-text-color has-link-color wp-elements-31 wp-block-paragraph\"><strong>Meine Beruflichen Stationen:<\/strong><\/p>\n\n\n\n<p class=\"has-palette-color-4-color has-text-color has-link-color wp-elements-32 wp-block-paragraph\">1994-1998: 4-j\u00e4hrige Physiotherapie-Ausbildung \u201eAkademie Thim van der Laan\u201c in Landquart (Schweiz). Abschlu\u00df mit dem Niederl\u00e4ndischen Diplom mit Praktikas in Vorarlberg, der Schweiz und den USA.<\/p>\n\n\n\n<p class=\"has-palette-color-4-color has-text-color has-link-color wp-elements-33 wp-block-paragraph\">1998-2003: Physiotherapeutin im Angestelltenverh\u00e4ltnis bei der SMO in Dornbirn und in Bregenz (ambulante neurologische Rehabilitation)<\/p>\n\n\n\n<p class=\"has-palette-color-4-color has-text-color has-link-color wp-elements-34 wp-block-paragraph\">2003-2011: selbstst\u00e4ndige T\u00e4tigkeit in einer Gemeinschaftspraxis (PITZ-Therapiezentrum, Bregenz)<\/p>\n\n\n\n<p class=\"has-palette-color-4-color has-text-color has-link-color wp-elements-35 wp-block-paragraph\">2011-2017: Familienpause mit geringf\u00fcgiger T\u00e4tigkeit in eigener Praxis<\/p>\n\n\n\n<p class=\"has-palette-color-4-color has-text-color has-link-color wp-elements-36 wp-block-paragraph\">2017-2026: angestellte Mitarbeiterin im Studio Drehpunkt, Bregenz<\/p>\n\n\n\n<p class=\"has-palette-color-4-color has-text-color has-link-color wp-elements-37 wp-block-paragraph\">seit April 2026: Selbstst\u00e4ndige T\u00e4tigkeit in eigener Praxis<\/p>\n<\/div>\n\n\n\n<div class=\"wp-block-column has-palette-color-4-color has-text-color has-link-color wp-elements-38 is-layout-flow wp-block-column-is-layout-flow\">\n<p class=\"has-palette-color-4-color has-text-color has-link-color wp-elements-39 wp-block-paragraph\"><strong>Berufliche Weiterbildungen:<\/strong><\/p>\n\n\n\n<p class=\"has-palette-color-4-color has-text-color has-link-color wp-elements-40 wp-block-paragraph\">Bobath Grundkurs<br>Universit\u00e4tslehrgang f\u00fcr Neurologische Rehabilitation an der Donau-Uni Krems<br>Manuelle Mobilisation nach Maitland<br>Wirbels\u00e4ulenreha<br>Mobilisation des Nervensystems bei David Butler<br>Akupunktmassage nach Radloff (APM\/ESB)<br>Tuina (Chinesische Massagetherapie)<br>Tuina bei Kindern<br>Craniosacraltherapie nach Upledger (CST I, II, Viscerale I, II, CST bei Kinderwunsch, Schwangerschaft und Geburt, CST bei S\u00e4uglingen I, Emotionale Entspannung I)<br>Beckenbodentraining nach dem BeBo Konzept (\u00dcbungsleiterInnenkurs mit Schwerpunkt weiblicher Beckenboden; Der m\u00e4nnliche Beckenboden)<br>Bodyresonance \u2013 David Crean<br>Lomi Lomi Nui (Hawaiianische Ganzk\u00f6rpermassage)<\/p>\n<\/div>\n<\/div>\n<\/div>\n<\/div>\n<\/div><\/div>\n\n\n\n<div id=\"therapieansaetze\" class=\"green-resonanz-container\">\n    <div class=\"logo-on-video-wrapper\">\n        <div class=\"logo-fade-wave\">\n            <img decoding=\"async\" src=\"https:\/\/physiotherapie-resonanzraum.at\/wp-content\/uploads\/2026\/04\/Logo_250x2503.png\" alt=\"Resonanzraum Logo\">\n        <\/div>\n    <\/div>\n<\/div>\n\n<style>\n.green-resonanz-container {\n    position: relative;\n    width: 100%;\n    height: 160px; \n    background-color: #ffffff; \n    overflow: hidden;\n    margin: 0; \n    display: flex;\n    align-items: center;\n    justify-content: center;\n    \n    \/* Gr\u00fcner Schatten-Effekt (Innentiefe) in #718B52 *\/\n    box-shadow: inset 0 15px 30px rgba(113, 139, 82, 0.2), \n                inset 0 -15px 30px rgba(113, 139, 82, 0.2);\n    scroll-margin-top: 80px; \n}\n\n.logo-on-video-wrapper {\n    position: relative;\n    z-index: 10;\n}\n\n.logo-fade-wave img {\n    width: 105px !important; \n    height: auto;\n    display: block;\n    \n    \/* Alle Farbfilter wurden entfernt, damit die Originalfarbe bleibt *\/\n    filter: none;\n    \n    \/* Animation f\u00fcr den sanften Atem-Effekt *\/\n    animation: simpleFadeWave 6s ease-in-out infinite;\n}\n\n@keyframes simpleFadeWave {\n    0% {\n        opacity: 0.1;\n        transform: scale(0.85);\n        filter: blur(1px); \/* Optionaler leichter Weichzeichner im Fade-Out *\/\n    }\n    50% {\n        opacity: 1.0;\n        transform: scale(1.0);\n        filter: blur(0px);\n    }\n    100% {\n        opacity: 0.1;\n        transform: scale(0.85);\n        filter: blur(1px);\n    }\n}\n\n@media (max-width: 767px) {\n    .green-resonanz-container {\n        height: 120px;\n    }\n    .logo-fade-wave img {\n        width: 75px !important;\n    }\n}\n<\/style>\n\n\n\n<p class=\"wp-block-paragraph\"><\/p>\n","protected":false},"excerpt":{"rendered":"<p>Therapieans\u00e4tze Dienstleistungen Terminvereinbarung &#038; Kontakt \u00dcber mich<\/p>\n","protected":false},"author":1,"featured_media":0,"parent":0,"menu_order":0,"comment_status":"closed","ping_status":"closed","template":"","meta":{"footnotes":""},"class_list":["post-8","page","type-page","status-publish","hentry"],"blocksy_meta":[],"_links":{"self":[{"href":"https:\/\/physiotherapie-resonanzraum.at\/index.php?rest_route=\/wp\/v2\/pages\/8","targetHints":{"allow":["GET"]}}],"collection":[{"href":"https:\/\/physiotherapie-resonanzraum.at\/index.php?rest_route=\/wp\/v2\/pages"}],"about":[{"href":"https:\/\/physiotherapie-resonanzraum.at\/index.php?rest_route=\/wp\/v2\/types\/page"}],"author":[{"embeddable":true,"href":"https:\/\/physiotherapie-resonanzraum.at\/index.php?rest_route=\/wp\/v2\/users\/1"}],"replies":[{"embeddable":true,"href":"https:\/\/physiotherapie-resonanzraum.at\/index.php?rest_route=%2Fwp%2Fv2%2Fcomments&post=8"}],"version-history":[{"count":368,"href":"https:\/\/physiotherapie-resonanzraum.at\/index.php?rest_route=\/wp\/v2\/pages\/8\/revisions"}],"predecessor-version":[{"id":1082,"href":"https:\/\/physiotherapie-resonanzraum.at\/index.php?rest_route=\/wp\/v2\/pages\/8\/revisions\/1082"}],"wp:attachment":[{"href":"https:\/\/physiotherapie-resonanzraum.at\/index.php?rest_route=%2Fwp%2Fv2%2Fmedia&parent=8"}],"curies":[{"name":"wp","href":"https:\/\/api.w.org\/{rel}","templated":true}]}}